{"version":"1.0","provider_name":"We Services","provider_url":"https:\/\/weservices.es\/en","author_name":"JOSE ANTONIO GARCIA SANCHEZ","author_url":"https:\/\/weservices.es\/en\/author\/jo\/","title":"Sal\u00f3n internacional del autom\u00f3vil - BarcelonaInternational motor show 2013 - BarcelonaSal\u00f3 internacional del autom\u00f2bil 2013 - Barcelona - We Services","type":"rich","width":600,"height":338,"html":"<blockquote class=\"wp-embedded-content\" data-secret=\"Q7WMrd86hi\"><a href=\"https:\/\/weservices.es\/en\/salon-internacional-del-automovil-barcelona\/\"><!--:es-->Sal\u00f3n internacional del autom\u00f3vil &#8211; Barcelona<!--:--><!--:en-->International motor show 2013 &#8211; Barcelona<!--:--><!--:ca-->Sal\u00f3 internacional del autom\u00f2bil 2013 &#8211; Barcelona<!--:--><\/a><\/blockquote><iframe sandbox=\"allow-scripts\" security=\"restricted\" src=\"https:\/\/weservices.es\/en\/salon-internacional-del-automovil-barcelona\/embed\/#?secret=Q7WMrd86hi\" width=\"600\" height=\"338\" title=\"&#8220;&lt;!--:es--&gt;Sal\u00f3n internacional del autom\u00f3vil &#8211; Barcelona&lt;!--:--&gt;&lt;!--:en--&gt;International motor show 2013 &#8211; Barcelona&lt;!--:--&gt;&lt;!--:ca--&gt;Sal\u00f3 internacional del autom\u00f2bil 2013 &#8211; Barcelona&lt;!--:--&gt;&#8221; &#8212; We Services\" data-secret=\"Q7WMrd86hi\" frameborder=\"0\" marginwidth=\"0\" marginheight=\"0\" scrolling=\"no\" class=\"wp-embedded-content\"><\/iframe><script>\n\/*! This file is auto-generated *\/\n!function(d,l){\"use strict\";l.querySelector&&d.addEventListener&&\"undefined\"!=typeof URL&&(d.wp=d.wp||{},d.wp.receiveEmbedMessage||(d.wp.receiveEmbedMessage=function(e){var t=e.data;if((t||t.secret||t.message||t.value)&&!\/[^a-zA-Z0-9]\/.test(t.secret)){for(var s,r,n,a=l.querySelectorAll('iframe[data-secret=\"'+t.secret+'\"]'),o=l.querySelectorAll('blockquote[data-secret=\"'+t.secret+'\"]'),c=new RegExp(\"^https?:$\",\"i\"),i=0;i<o.length;i++)o[i].style.display=\"none\";for(i=0;i<a.length;i++)s=a[i],e.source===s.contentWindow&&(s.removeAttribute(\"style\"),\"height\"===t.message?(1e3<(r=parseInt(t.value,10))?r=1e3:~~r<200&&(r=200),s.height=r):\"link\"===t.message&&(r=new URL(s.getAttribute(\"src\")),n=new URL(t.value),c.test(n.protocol))&&n.host===r.host&&l.activeElement===s&&(d.top.location.href=t.value))}},d.addEventListener(\"message\",d.wp.receiveEmbedMessage,!1),l.addEventListener(\"DOMContentLoaded\",function(){for(var e,t,s=l.querySelectorAll(\"iframe.wp-embedded-content\"),r=0;r<s.length;r++)(t=(e=s[r]).getAttribute(\"data-secret\"))||(t=Math.random().toString(36).substring(2,12),e.src+=\"#?secret=\"+t,e.setAttribute(\"data-secret\",t)),e.contentWindow.postMessage({message:\"ready\",secret:t},\"*\")},!1)))}(window,document);\n<\/script>","thumbnail_url":null,"thumbnail_width":null,"thumbnail_height":null,"description":"El sal\u00f3n m\u00e1s importante del sector del motor de Espa\u00f1a ha sido el escenario donde las grandes marcas nacionales e internacionales han expuesto sus \u00faltimas novedades. We Services hemos tenido el privilegio de asistir en la log\u00edstica de montaje de stands para los m\u00e1s importantes participantes, ampliando el mercado local. The industry&#8217;s leading motor show [&hellip;]"}